{"id":1298,"date":"2024-06-04T11:32:29","date_gmt":"2024-06-04T11:32:29","guid":{"rendered":"https:\/\/www.milanfierehotel.com\/bar-und-restaurant\/la-nostra-colazione\/"},"modified":"2025-03-20T17:07:05","modified_gmt":"2025-03-20T17:07:05","slug":"la-nostra-colazione","status":"publish","type":"page","link":"https:\/\/www.milanfierehotel.com\/de\/bar-und-restaurant\/la-nostra-colazione\/","title":{"rendered":"Unser Fr\u00fchst\u00fcck"},"content":{"rendered":"<p>Wer liebt nicht ein <strong>herzhaftes Hotelfr\u00fchst\u00fcck<\/strong> im Urlaub oder auf Gesch\u00e4ftsreise? Hier bei voco\u00ae Milan-Fiere sorgen wir daf\u00fcr, dass es sich wirklich lohnt. Wenn Sie einen unserer Tarife inklusive Fr\u00fchst\u00fcck w\u00e4hlen, haben Sie die M\u00f6glichkeit, auf viele <strong>s\u00fc\u00dfe und herzhafte Optionen<\/strong> zuzugreifen, von denen eine k\u00f6stlicher als die andere ist! Wenn Sie lieber in Ruhe dar\u00fcber nachdenken m\u00f6chten, kein Problem: Sie k\u00f6nnen das Fr\u00fchst\u00fcck jederzeit beim Check-in bei Ihrer Ankunft im Hotel erwerben.<\/p>\n<p>Haben Sie eine Vorliebe f\u00fcr Naschkatzen? An unserem Buffet finden Sie jeden Morgen duftende <strong>Croissants, S\u00fc\u00dfigkeiten und frische Kuchen<\/strong> verschiedener Art. Wenn Ihre wahre Leidenschaft herzhaftes Essen ist, m\u00fcssen Sie nur zwischen <strong>Speck, Wurst, Ihren Lieblingseiern und Gem\u00fcse<\/strong> w\u00e4hlen, um sich bis zur vollen Stunde satt zu f\u00fchlen des Mittagessens. Und wenn Sie sich wirklich nicht entscheiden k\u00f6nnen: Erst das eine probieren und dann das andere, da wird Ihnen niemand den Ern\u00e4hrungsberater verraten, versprochen!<\/p>\n","protected":false},"excerpt":{"rendered":"<p>Wer liebt nicht ein herzhaftes Hotelfr\u00fchst\u00fcck im Urlaub oder auf Gesch\u00e4ftsreise? Hier bei voco\u00ae Milan-Fiere sorgen wir daf\u00fcr, dass es sich wirklich lohnt. Wenn Sie einen unserer Tarife inklusive Fr\u00fchst\u00fcck w\u00e4hlen, haben Sie die M\u00f6glichkeit, auf viele s\u00fc\u00dfe und herzhafte Optionen zuzugreifen, von denen eine k\u00f6stlicher als die andere ist! Wenn Sie lieber in Ruhe [&hellip;]<\/p>\n","protected":false},"author":360,"featured_media":1278,"parent":479,"menu_order":0,"comment_status":"closed","ping_status":"closed","template":"","meta":{"footnotes":""},"class_list":["post-1298","page","type-page","status-publish","has-post-thumbnail","hentry"],"yoast_head":"<!-- This site is optimized with the Yoast SEO plugin v26.9 - https:\/\/yoast.com\/product\/yoast-seo-wordpress\/ -->\n<title>Unser Fr\u00fchst\u00fcck | hotel 4* voco\u00ae Milan-Fiere<\/title>\n<meta name=\"description\" content=\"Das Fr\u00fchst\u00fcck ist der sch\u00f6nste Teil eines Hotelaufenthalts: Entdecken Sie das Buffet im voco\u00ae Milan-Fiere 4* Hotel und buchen Sie einen Preis inklusive Fr\u00fchst\u00fcck!\" \/>\n<meta name=\"robots\" content=\"index, follow, max-snippet:-1, max-image-preview:large, max-video-preview:-1\" \/>\n<link rel=\"canonical\" href=\"https:\/\/www.milanfierehotel.com\/de\/bar-und-restaurant\/la-nostra-colazione\/\" \/>\n<meta property=\"og:locale\" content=\"de_DE\" \/>\n<meta property=\"og:type\" content=\"article\" \/>\n<meta property=\"og:title\" content=\"Unser Fr\u00fchst\u00fcck | hotel 4* voco\u00ae Milan-Fiere\" \/>\n<meta property=\"og:description\" content=\"Das Fr\u00fchst\u00fcck ist der sch\u00f6nste Teil eines Hotelaufenthalts: Entdecken Sie das Buffet im voco\u00ae Milan-Fiere 4* Hotel und buchen Sie einen Preis inklusive Fr\u00fchst\u00fcck!\" \/>\n<meta property=\"og:url\" content=\"https:\/\/www.milanfierehotel.com\/de\/bar-und-restaurant\/la-nostra-colazione\/\" \/>\n<meta property=\"og:site_name\" content=\"Voco Milan Fiere\" \/>\n<meta property=\"article:modified_time\" content=\"2025-03-20T17:07:05+00:00\" \/>\n<meta property=\"og:image\" content=\"https:\/\/www.milanfierehotel.com\/wp-content\/uploads\/sites\/402\/2024\/06\/voco-Milan-Fiere-Breakfast-Breakfast-Buffet-scaled.jpg\" \/>\n\t<meta property=\"og:image:width\" content=\"2560\" \/>\n\t<meta property=\"og:image:height\" content=\"1707\" \/>\n\t<meta property=\"og:image:type\" content=\"image\/jpeg\" \/>\n<meta name=\"twitter:card\" content=\"summary_large_image\" \/>\n<meta name=\"twitter:label1\" content=\"Gesch\u00e4tzte Lesezeit\" \/>\n\t<meta name=\"twitter:data1\" content=\"1 Minute\" \/>\n<script type=\"application\/ld+json\" class=\"yoast-schema-graph\">{\"@context\":\"https:\/\/schema.org\",\"@graph\":[{\"@type\":\"WebPage\",\"@id\":\"https:\/\/www.milanfierehotel.com\/de\/bar-und-restaurant\/la-nostra-colazione\/\",\"url\":\"https:\/\/www.milanfierehotel.com\/de\/bar-und-restaurant\/la-nostra-colazione\/\",\"name\":\"Unser Fr\u00fchst\u00fcck | hotel 4* voco\u00ae Milan-Fiere\",\"isPartOf\":{\"@id\":\"https:\/\/www.milanfierehotel.com\/de\/#website\"},\"primaryImageOfPage\":{\"@id\":\"https:\/\/www.milanfierehotel.com\/de\/bar-und-restaurant\/la-nostra-colazione\/#primaryimage\"},\"image\":{\"@id\":\"https:\/\/www.milanfierehotel.com\/de\/bar-und-restaurant\/la-nostra-colazione\/#primaryimage\"},\"thumbnailUrl\":\"https:\/\/www.milanfierehotel.com\/wp-content\/uploads\/sites\/402\/2024\/06\/voco-Milan-Fiere-Breakfast-Breakfast-Buffet-scaled.jpg\",\"datePublished\":\"2024-06-04T11:32:29+00:00\",\"dateModified\":\"2025-03-20T17:07:05+00:00\",\"description\":\"Das Fr\u00fchst\u00fcck ist der sch\u00f6nste Teil eines Hotelaufenthalts: Entdecken Sie das Buffet im voco\u00ae Milan-Fiere 4* Hotel und buchen Sie einen Preis inklusive Fr\u00fchst\u00fcck!\",\"breadcrumb\":{\"@id\":\"https:\/\/www.milanfierehotel.com\/de\/bar-und-restaurant\/la-nostra-colazione\/#breadcrumb\"},\"inLanguage\":\"de-DE\",\"potentialAction\":[{\"@type\":\"ReadAction\",\"target\":[\"https:\/\/www.milanfierehotel.com\/de\/bar-und-restaurant\/la-nostra-colazione\/\"]}]},{\"@type\":\"ImageObject\",\"inLanguage\":\"de-DE\",\"@id\":\"https:\/\/www.milanfierehotel.com\/de\/bar-und-restaurant\/la-nostra-colazione\/#primaryimage\",\"url\":\"https:\/\/www.milanfierehotel.com\/wp-content\/uploads\/sites\/402\/2024\/06\/voco-Milan-Fiere-Breakfast-Breakfast-Buffet-scaled.jpg\",\"contentUrl\":\"https:\/\/www.milanfierehotel.com\/wp-content\/uploads\/sites\/402\/2024\/06\/voco-Milan-Fiere-Breakfast-Breakfast-Buffet-scaled.jpg\",\"width\":2560,\"height\":1707,\"caption\":\"voco Milan-Fiere - Breakfast - Breakfast Buffet\"},{\"@type\":\"BreadcrumbList\",\"@id\":\"https:\/\/www.milanfierehotel.com\/de\/bar-und-restaurant\/la-nostra-colazione\/#breadcrumb\",\"itemListElement\":[{\"@type\":\"ListItem\",\"position\":1,\"name\":\"Home\",\"item\":\"https:\/\/www.milanfierehotel.com\/de\/\"},{\"@type\":\"ListItem\",\"position\":2,\"name\":\"Bar &amp; Restaurant\",\"item\":\"https:\/\/www.milanfierehotel.com\/de\/bar-und-restaurant\/\"},{\"@type\":\"ListItem\",\"position\":3,\"name\":\"Unser Fr\u00fchst\u00fcck\"}]},{\"@type\":\"WebSite\",\"@id\":\"https:\/\/www.milanfierehotel.com\/de\/#website\",\"url\":\"https:\/\/www.milanfierehotel.com\/de\/\",\"name\":\"Voco Milan Fiere\",\"description\":\"Just another ms.decms.eu site\",\"publisher\":{\"@id\":\"https:\/\/www.milanfierehotel.com\/de\/#organization\"},\"potentialAction\":[{\"@type\":\"SearchAction\",\"target\":{\"@type\":\"EntryPoint\",\"urlTemplate\":\"https:\/\/www.milanfierehotel.com\/de\/?s={search_term_string}\"},\"query-input\":{\"@type\":\"PropertyValueSpecification\",\"valueRequired\":true,\"valueName\":\"search_term_string\"}}],\"inLanguage\":\"de-DE\"},{\"@type\":\"Organization\",\"@id\":\"https:\/\/www.milanfierehotel.com\/de\/#organization\",\"name\":\"Voco Milano Fiere\",\"url\":\"https:\/\/www.milanfierehotel.com\/de\/\",\"logo\":{\"@type\":\"ImageObject\",\"inLanguage\":\"de-DE\",\"@id\":\"https:\/\/www.milanfierehotel.com\/de\/#\/schema\/logo\/image\/\",\"url\":\"https:\/\/www.milanfierehotel.com\/wp-content\/uploads\/sites\/402\/2022\/07\/02-Hotel-Reception-voco-Milan-Fiere.jpg\",\"contentUrl\":\"https:\/\/www.milanfierehotel.com\/wp-content\/uploads\/sites\/402\/2022\/07\/02-Hotel-Reception-voco-Milan-Fiere.jpg\",\"width\":2200,\"height\":1200,\"caption\":\"Voco Milano Fiere\"},\"image\":{\"@id\":\"https:\/\/www.milanfierehotel.com\/de\/#\/schema\/logo\/image\/\"}}]}<\/script>\n<!-- \/ Yoast SEO plugin. -->","yoast_head_json":{"title":"Unser Fr\u00fchst\u00fcck | hotel 4* voco\u00ae Milan-Fiere","description":"Das Fr\u00fchst\u00fcck ist der sch\u00f6nste Teil eines Hotelaufenthalts: Entdecken Sie das Buffet im voco\u00ae Milan-Fiere 4* Hotel und buchen Sie einen Preis inklusive Fr\u00fchst\u00fcck!","robots":{"index":"index","follow":"follow","max-snippet":"max-snippet:-1","max-image-preview":"max-image-preview:large","max-video-preview":"max-video-preview:-1"},"canonical":"https:\/\/www.milanfierehotel.com\/de\/bar-und-restaurant\/la-nostra-colazione\/","og_locale":"de_DE","og_type":"article","og_title":"Unser Fr\u00fchst\u00fcck | hotel 4* voco\u00ae Milan-Fiere","og_description":"Das Fr\u00fchst\u00fcck ist der sch\u00f6nste Teil eines Hotelaufenthalts: Entdecken Sie das Buffet im voco\u00ae Milan-Fiere 4* Hotel und buchen Sie einen Preis inklusive Fr\u00fchst\u00fcck!","og_url":"https:\/\/www.milanfierehotel.com\/de\/bar-und-restaurant\/la-nostra-colazione\/","og_site_name":"Voco Milan Fiere","article_modified_time":"2025-03-20T17:07:05+00:00","og_image":[{"width":2560,"height":1707,"url":"https:\/\/www.milanfierehotel.com\/wp-content\/uploads\/sites\/402\/2024\/06\/voco-Milan-Fiere-Breakfast-Breakfast-Buffet-scaled.jpg","type":"image\/jpeg"}],"twitter_card":"summary_large_image","twitter_misc":{"Gesch\u00e4tzte Lesezeit":"1 Minute"},"schema":{"@context":"https:\/\/schema.org","@graph":[{"@type":"WebPage","@id":"https:\/\/www.milanfierehotel.com\/de\/bar-und-restaurant\/la-nostra-colazione\/","url":"https:\/\/www.milanfierehotel.com\/de\/bar-und-restaurant\/la-nostra-colazione\/","name":"Unser Fr\u00fchst\u00fcck | hotel 4* voco\u00ae Milan-Fiere","isPartOf":{"@id":"https:\/\/www.milanfierehotel.com\/de\/#website"},"primaryImageOfPage":{"@id":"https:\/\/www.milanfierehotel.com\/de\/bar-und-restaurant\/la-nostra-colazione\/#primaryimage"},"image":{"@id":"https:\/\/www.milanfierehotel.com\/de\/bar-und-restaurant\/la-nostra-colazione\/#primaryimage"},"thumbnailUrl":"https:\/\/www.milanfierehotel.com\/wp-content\/uploads\/sites\/402\/2024\/06\/voco-Milan-Fiere-Breakfast-Breakfast-Buffet-scaled.jpg","datePublished":"2024-06-04T11:32:29+00:00","dateModified":"2025-03-20T17:07:05+00:00","description":"Das Fr\u00fchst\u00fcck ist der sch\u00f6nste Teil eines Hotelaufenthalts: Entdecken Sie das Buffet im voco\u00ae Milan-Fiere 4* Hotel und buchen Sie einen Preis inklusive Fr\u00fchst\u00fcck!","breadcrumb":{"@id":"https:\/\/www.milanfierehotel.com\/de\/bar-und-restaurant\/la-nostra-colazione\/#breadcrumb"},"inLanguage":"de-DE","potentialAction":[{"@type":"ReadAction","target":["https:\/\/www.milanfierehotel.com\/de\/bar-und-restaurant\/la-nostra-colazione\/"]}]},{"@type":"ImageObject","inLanguage":"de-DE","@id":"https:\/\/www.milanfierehotel.com\/de\/bar-und-restaurant\/la-nostra-colazione\/#primaryimage","url":"https:\/\/www.milanfierehotel.com\/wp-content\/uploads\/sites\/402\/2024\/06\/voco-Milan-Fiere-Breakfast-Breakfast-Buffet-scaled.jpg","contentUrl":"https:\/\/www.milanfierehotel.com\/wp-content\/uploads\/sites\/402\/2024\/06\/voco-Milan-Fiere-Breakfast-Breakfast-Buffet-scaled.jpg","width":2560,"height":1707,"caption":"voco Milan-Fiere - Breakfast - Breakfast Buffet"},{"@type":"BreadcrumbList","@id":"https:\/\/www.milanfierehotel.com\/de\/bar-und-restaurant\/la-nostra-colazione\/#breadcrumb","itemListElement":[{"@type":"ListItem","position":1,"name":"Home","item":"https:\/\/www.milanfierehotel.com\/de\/"},{"@type":"ListItem","position":2,"name":"Bar &amp; Restaurant","item":"https:\/\/www.milanfierehotel.com\/de\/bar-und-restaurant\/"},{"@type":"ListItem","position":3,"name":"Unser Fr\u00fchst\u00fcck"}]},{"@type":"WebSite","@id":"https:\/\/www.milanfierehotel.com\/de\/#website","url":"https:\/\/www.milanfierehotel.com\/de\/","name":"Voco Milan Fiere","description":"Just another ms.decms.eu site","publisher":{"@id":"https:\/\/www.milanfierehotel.com\/de\/#organization"},"potentialAction":[{"@type":"SearchAction","target":{"@type":"EntryPoint","urlTemplate":"https:\/\/www.milanfierehotel.com\/de\/?s={search_term_string}"},"query-input":{"@type":"PropertyValueSpecification","valueRequired":true,"valueName":"search_term_string"}}],"inLanguage":"de-DE"},{"@type":"Organization","@id":"https:\/\/www.milanfierehotel.com\/de\/#organization","name":"Voco Milano Fiere","url":"https:\/\/www.milanfierehotel.com\/de\/","logo":{"@type":"ImageObject","inLanguage":"de-DE","@id":"https:\/\/www.milanfierehotel.com\/de\/#\/schema\/logo\/image\/","url":"https:\/\/www.milanfierehotel.com\/wp-content\/uploads\/sites\/402\/2022\/07\/02-Hotel-Reception-voco-Milan-Fiere.jpg","contentUrl":"https:\/\/www.milanfierehotel.com\/wp-content\/uploads\/sites\/402\/2022\/07\/02-Hotel-Reception-voco-Milan-Fiere.jpg","width":2200,"height":1200,"caption":"Voco Milano Fiere"},"image":{"@id":"https:\/\/www.milanfierehotel.com\/de\/#\/schema\/logo\/image\/"}}]}},"acf":[],"_links":{"self":[{"href":"https:\/\/www.milanfierehotel.com\/de\/wp-json\/wp\/v2\/pages\/1298","targetHints":{"allow":["GET"]}}],"collection":[{"href":"https:\/\/www.milanfierehotel.com\/de\/wp-json\/wp\/v2\/pages"}],"about":[{"href":"https:\/\/www.milanfierehotel.com\/de\/wp-json\/wp\/v2\/types\/page"}],"author":[{"embeddable":true,"href":"https:\/\/www.milanfierehotel.com\/de\/wp-json\/wp\/v2\/users\/360"}],"replies":[{"embeddable":true,"href":"https:\/\/www.milanfierehotel.com\/de\/wp-json\/wp\/v2\/comments?post=1298"}],"version-history":[{"count":0,"href":"https:\/\/www.milanfierehotel.com\/de\/wp-json\/wp\/v2\/pages\/1298\/revisions"}],"up":[{"embeddable":true,"href":"https:\/\/www.milanfierehotel.com\/de\/wp-json\/wp\/v2\/pages\/479"}],"wp:featuredmedia":[{"embeddable":true,"href":"https:\/\/www.milanfierehotel.com\/de\/wp-json\/wp\/v2\/media\/1278"}],"wp:attachment":[{"href":"https:\/\/www.milanfierehotel.com\/de\/wp-json\/wp\/v2\/media?parent=1298"}],"curies":[{"name":"wp","href":"https:\/\/api.w.org\/{rel}","templated":true}]}}