{"id":529,"date":"2022-07-26T10:30:45","date_gmt":"2022-07-26T10:30:45","guid":{"rendered":"https:\/\/vocomilanfieredefinitive.ms.decms.eu\/attivita-e-fiere-a-milano\/fiere-e-congressi\/salone-del-mobile\/"},"modified":"2026-04-30T10:40:13","modified_gmt":"2026-04-30T10:40:13","slug":"milan-furniture-fair","status":"publish","type":"page","link":"https:\/\/www.milanfierehotel.com\/de\/aktivitaeten-und-messen-in-mailand\/messen-und-kongresse\/milan-furniture-fair\/","title":{"rendered":"Milan Furniture Fair"},"content":{"rendered":"<p><span style=\"font-weight: 400\">Der <\/span><b>Salone del Mobile<\/b><span style=\"font-weight: 400\"> ist eine Veranstaltung von Weltrang f\u00fcr die Holz-, M\u00f6bel- und Beleuchtungsbranche. Die Messe vereint auf perfekte Weise die verschiedenen Seelen Mailands, indem sie <\/span><b>Kultur<\/b><span style=\"font-weight: 400\">, <\/span><b>Wirtschaft<\/b><span style=\"font-weight: 400\"> und <\/span><b>Design<\/b><span style=\"font-weight: 400\"> in drei spezifischen Kategorien &#8211; <\/span><b>Classico<\/b><span style=\"font-weight: 400\">, <\/span><b>Design<\/b><span style=\"font-weight: 400\"> und <\/span><b>X-Lux<\/b><span style=\"font-weight: 400\">&#8211; hervorhebt, die jeweils dem Handwerk, innovativen Produkten und dem Luxussektor gewidmet sind.\u00a0<\/span><\/p>\n<p><span style=\"font-weight: 400\">Sie findet j\u00e4hrlich statt und ist in wenigen Minuten von voco\u00ae Milan-Fiere aus erreichbar. Sie begleitet den <\/span><b>Fuorisalone<\/b><span style=\"font-weight: 400\">, ein gesellschaftliches Ereignis, das sich durch die Stra\u00dfen und Viertel der Mail\u00e4nder Metropole schl\u00e4ngelt und die M\u00f6glichkeit bietet, Designer, Architekten und Planer zu treffen und die neuesten Trends mit eigenen Augen zu sehen.<\/span> <i>Photo credits: <a href=\"http:\/\/www.salonemilano.it\" target=\"_blank\" rel=\"noopener\">www.salonemilano.it<\/a><\/i><\/p>\n<p style=\"text-align: center\"><strong><a href=\"https:\/\/www.milanfierehotel.com\/de\/angebote-und-pakete\/fruehstuecks-und-parkpaket\/\">ENTDECKEN SIE DAS FR\u00dcHST\u00dcCKS- UND PARKPLATZPAKET<\/a><\/strong><\/p>\n","protected":false},"excerpt":{"rendered":"<p>Der Salone del Mobile ist eine Veranstaltung von Weltrang f\u00fcr die Holz-, M\u00f6bel- und Beleuchtungsbranche. Die Messe vereint auf perfekte Weise die verschiedenen Seelen Mailands, indem sie Kultur, Wirtschaft und Design in drei spezifischen Kategorien &#8211; Classico, Design und X-Lux&#8211; hervorhebt, die jeweils dem Handwerk, innovativen Produkten und dem Luxussektor gewidmet sind.\u00a0 Sie findet j\u00e4hrlich [&hellip;]<\/p>\n","protected":false},"author":6,"featured_media":0,"parent":525,"menu_order":93,"comment_status":"closed","ping_status":"closed","template":"template-surroundings.php","meta":{"footnotes":""},"class_list":["post-529","page","type-page","status-publish","hentry"],"yoast_head":"<!-- This site is optimized with the Yoast SEO plugin v26.9 - https:\/\/yoast.com\/product\/yoast-seo-wordpress\/ -->\n<title>Salone del Mobile: Hotel in der N\u00e4he der Messe | voco\u00ae Milan<\/title>\n<meta name=\"description\" content=\"Sie suchen eine Unterkunft f\u00fcr den Salone del Mobile? Dann ist das voco\u00ae 4-Stern-Hotel die richtige L\u00f6sung f\u00fcr Sie. Entdecken Sie Zimmer, Serviceleistungen und Lage unseres Hotels.\" \/>\n<meta name=\"robots\" content=\"index, follow, max-snippet:-1, max-image-preview:large, max-video-preview:-1\" \/>\n<link rel=\"canonical\" href=\"https:\/\/www.milanfierehotel.com\/de\/aktivitaeten-und-messen-in-mailand\/messen-und-kongresse\/milan-furniture-fair\/\" \/>\n<meta property=\"og:locale\" content=\"de_DE\" \/>\n<meta property=\"og:type\" content=\"article\" \/>\n<meta property=\"og:title\" content=\"Salone del Mobile: Hotel in der N\u00e4he der Messe | voco\u00ae Milan\" \/>\n<meta property=\"og:description\" content=\"Sie suchen eine Unterkunft f\u00fcr den Salone del Mobile? Dann ist das voco\u00ae 4-Stern-Hotel die richtige L\u00f6sung f\u00fcr Sie. Entdecken Sie Zimmer, Serviceleistungen und Lage unseres Hotels.\" \/>\n<meta property=\"og:url\" content=\"https:\/\/www.milanfierehotel.com\/de\/aktivitaeten-und-messen-in-mailand\/messen-und-kongresse\/milan-furniture-fair\/\" \/>\n<meta property=\"og:site_name\" content=\"Voco Milan Fiere\" \/>\n<meta property=\"article:modified_time\" content=\"2026-04-30T10:40:13+00:00\" \/>\n<meta name=\"twitter:card\" content=\"summary_large_image\" \/>\n<meta name=\"twitter:label1\" content=\"Gesch\u00e4tzte Lesezeit\" \/>\n\t<meta name=\"twitter:data1\" content=\"1 Minute\" \/>\n<script type=\"application\/ld+json\" class=\"yoast-schema-graph\">{\"@context\":\"https:\/\/schema.org\",\"@graph\":[{\"@type\":\"WebPage\",\"@id\":\"https:\/\/www.milanfierehotel.com\/de\/aktivitaeten-und-messen-in-mailand\/messen-und-kongresse\/milan-furniture-fair\/\",\"url\":\"https:\/\/www.milanfierehotel.com\/de\/aktivitaeten-und-messen-in-mailand\/messen-und-kongresse\/milan-furniture-fair\/\",\"name\":\"Salone del Mobile: Hotel in der N\u00e4he der Messe | voco\u00ae Milan\",\"isPartOf\":{\"@id\":\"https:\/\/www.milanfierehotel.com\/de\/#website\"},\"datePublished\":\"2022-07-26T10:30:45+00:00\",\"dateModified\":\"2026-04-30T10:40:13+00:00\",\"description\":\"Sie suchen eine Unterkunft f\u00fcr den Salone del Mobile? Dann ist das voco\u00ae 4-Stern-Hotel die richtige L\u00f6sung f\u00fcr Sie. Entdecken Sie Zimmer, Serviceleistungen und Lage unseres Hotels.\",\"breadcrumb\":{\"@id\":\"https:\/\/www.milanfierehotel.com\/de\/aktivitaeten-und-messen-in-mailand\/messen-und-kongresse\/milan-furniture-fair\/#breadcrumb\"},\"inLanguage\":\"de-DE\",\"potentialAction\":[{\"@type\":\"ReadAction\",\"target\":[\"https:\/\/www.milanfierehotel.com\/de\/aktivitaeten-und-messen-in-mailand\/messen-und-kongresse\/milan-furniture-fair\/\"]}]},{\"@type\":\"BreadcrumbList\",\"@id\":\"https:\/\/www.milanfierehotel.com\/de\/aktivitaeten-und-messen-in-mailand\/messen-und-kongresse\/milan-furniture-fair\/#breadcrumb\",\"itemListElement\":[{\"@type\":\"ListItem\",\"position\":1,\"name\":\"Home\",\"item\":\"https:\/\/www.milanfierehotel.com\/de\/\"},{\"@type\":\"ListItem\",\"position\":2,\"name\":\"Aktivit\u00e4ten und Messen in Mailand\",\"item\":\"https:\/\/www.milanfierehotel.com\/de\/aktivitaeten-und-messen-in-mailand\/\"},{\"@type\":\"ListItem\",\"position\":3,\"name\":\"Messen und Kongresse\",\"item\":\"https:\/\/www.milanfierehotel.com\/de\/aktivitaeten-und-messen-in-mailand\/messen-und-kongresse\/\"},{\"@type\":\"ListItem\",\"position\":4,\"name\":\"Milan Furniture Fair\"}]},{\"@type\":\"WebSite\",\"@id\":\"https:\/\/www.milanfierehotel.com\/de\/#website\",\"url\":\"https:\/\/www.milanfierehotel.com\/de\/\",\"name\":\"Voco Milan Fiere\",\"description\":\"Just another ms.decms.eu site\",\"publisher\":{\"@id\":\"https:\/\/www.milanfierehotel.com\/de\/#organization\"},\"potentialAction\":[{\"@type\":\"SearchAction\",\"target\":{\"@type\":\"EntryPoint\",\"urlTemplate\":\"https:\/\/www.milanfierehotel.com\/de\/?s={search_term_string}\"},\"query-input\":{\"@type\":\"PropertyValueSpecification\",\"valueRequired\":true,\"valueName\":\"search_term_string\"}}],\"inLanguage\":\"de-DE\"},{\"@type\":\"Organization\",\"@id\":\"https:\/\/www.milanfierehotel.com\/de\/#organization\",\"name\":\"Voco Milano Fiere\",\"url\":\"https:\/\/www.milanfierehotel.com\/de\/\",\"logo\":{\"@type\":\"ImageObject\",\"inLanguage\":\"de-DE\",\"@id\":\"https:\/\/www.milanfierehotel.com\/de\/#\/schema\/logo\/image\/\",\"url\":\"https:\/\/www.milanfierehotel.com\/wp-content\/uploads\/sites\/402\/2022\/07\/02-Hotel-Reception-voco-Milan-Fiere.jpg\",\"contentUrl\":\"https:\/\/www.milanfierehotel.com\/wp-content\/uploads\/sites\/402\/2022\/07\/02-Hotel-Reception-voco-Milan-Fiere.jpg\",\"width\":2200,\"height\":1200,\"caption\":\"Voco Milano Fiere\"},\"image\":{\"@id\":\"https:\/\/www.milanfierehotel.com\/de\/#\/schema\/logo\/image\/\"}}]}<\/script>\n<!-- \/ Yoast SEO plugin. -->","yoast_head_json":{"title":"Salone del Mobile: Hotel in der N\u00e4he der Messe | voco\u00ae Milan","description":"Sie suchen eine Unterkunft f\u00fcr den Salone del Mobile? Dann ist das voco\u00ae 4-Stern-Hotel die richtige L\u00f6sung f\u00fcr Sie. Entdecken Sie Zimmer, Serviceleistungen und Lage unseres Hotels.","robots":{"index":"index","follow":"follow","max-snippet":"max-snippet:-1","max-image-preview":"max-image-preview:large","max-video-preview":"max-video-preview:-1"},"canonical":"https:\/\/www.milanfierehotel.com\/de\/aktivitaeten-und-messen-in-mailand\/messen-und-kongresse\/milan-furniture-fair\/","og_locale":"de_DE","og_type":"article","og_title":"Salone del Mobile: Hotel in der N\u00e4he der Messe | voco\u00ae Milan","og_description":"Sie suchen eine Unterkunft f\u00fcr den Salone del Mobile? Dann ist das voco\u00ae 4-Stern-Hotel die richtige L\u00f6sung f\u00fcr Sie. Entdecken Sie Zimmer, Serviceleistungen und Lage unseres Hotels.","og_url":"https:\/\/www.milanfierehotel.com\/de\/aktivitaeten-und-messen-in-mailand\/messen-und-kongresse\/milan-furniture-fair\/","og_site_name":"Voco Milan Fiere","article_modified_time":"2026-04-30T10:40:13+00:00","twitter_card":"summary_large_image","twitter_misc":{"Gesch\u00e4tzte Lesezeit":"1 Minute"},"schema":{"@context":"https:\/\/schema.org","@graph":[{"@type":"WebPage","@id":"https:\/\/www.milanfierehotel.com\/de\/aktivitaeten-und-messen-in-mailand\/messen-und-kongresse\/milan-furniture-fair\/","url":"https:\/\/www.milanfierehotel.com\/de\/aktivitaeten-und-messen-in-mailand\/messen-und-kongresse\/milan-furniture-fair\/","name":"Salone del Mobile: Hotel in der N\u00e4he der Messe | voco\u00ae Milan","isPartOf":{"@id":"https:\/\/www.milanfierehotel.com\/de\/#website"},"datePublished":"2022-07-26T10:30:45+00:00","dateModified":"2026-04-30T10:40:13+00:00","description":"Sie suchen eine Unterkunft f\u00fcr den Salone del Mobile? Dann ist das voco\u00ae 4-Stern-Hotel die richtige L\u00f6sung f\u00fcr Sie. Entdecken Sie Zimmer, Serviceleistungen und Lage unseres Hotels.","breadcrumb":{"@id":"https:\/\/www.milanfierehotel.com\/de\/aktivitaeten-und-messen-in-mailand\/messen-und-kongresse\/milan-furniture-fair\/#breadcrumb"},"inLanguage":"de-DE","potentialAction":[{"@type":"ReadAction","target":["https:\/\/www.milanfierehotel.com\/de\/aktivitaeten-und-messen-in-mailand\/messen-und-kongresse\/milan-furniture-fair\/"]}]},{"@type":"BreadcrumbList","@id":"https:\/\/www.milanfierehotel.com\/de\/aktivitaeten-und-messen-in-mailand\/messen-und-kongresse\/milan-furniture-fair\/#breadcrumb","itemListElement":[{"@type":"ListItem","position":1,"name":"Home","item":"https:\/\/www.milanfierehotel.com\/de\/"},{"@type":"ListItem","position":2,"name":"Aktivit\u00e4ten und Messen in Mailand","item":"https:\/\/www.milanfierehotel.com\/de\/aktivitaeten-und-messen-in-mailand\/"},{"@type":"ListItem","position":3,"name":"Messen und Kongresse","item":"https:\/\/www.milanfierehotel.com\/de\/aktivitaeten-und-messen-in-mailand\/messen-und-kongresse\/"},{"@type":"ListItem","position":4,"name":"Milan Furniture Fair"}]},{"@type":"WebSite","@id":"https:\/\/www.milanfierehotel.com\/de\/#website","url":"https:\/\/www.milanfierehotel.com\/de\/","name":"Voco Milan Fiere","description":"Just another ms.decms.eu site","publisher":{"@id":"https:\/\/www.milanfierehotel.com\/de\/#organization"},"potentialAction":[{"@type":"SearchAction","target":{"@type":"EntryPoint","urlTemplate":"https:\/\/www.milanfierehotel.com\/de\/?s={search_term_string}"},"query-input":{"@type":"PropertyValueSpecification","valueRequired":true,"valueName":"search_term_string"}}],"inLanguage":"de-DE"},{"@type":"Organization","@id":"https:\/\/www.milanfierehotel.com\/de\/#organization","name":"Voco Milano Fiere","url":"https:\/\/www.milanfierehotel.com\/de\/","logo":{"@type":"ImageObject","inLanguage":"de-DE","@id":"https:\/\/www.milanfierehotel.com\/de\/#\/schema\/logo\/image\/","url":"https:\/\/www.milanfierehotel.com\/wp-content\/uploads\/sites\/402\/2022\/07\/02-Hotel-Reception-voco-Milan-Fiere.jpg","contentUrl":"https:\/\/www.milanfierehotel.com\/wp-content\/uploads\/sites\/402\/2022\/07\/02-Hotel-Reception-voco-Milan-Fiere.jpg","width":2200,"height":1200,"caption":"Voco Milano Fiere"},"image":{"@id":"https:\/\/www.milanfierehotel.com\/de\/#\/schema\/logo\/image\/"}}]}},"acf":[],"_links":{"self":[{"href":"https:\/\/www.milanfierehotel.com\/de\/wp-json\/wp\/v2\/pages\/529","targetHints":{"allow":["GET"]}}],"collection":[{"href":"https:\/\/www.milanfierehotel.com\/de\/wp-json\/wp\/v2\/pages"}],"about":[{"href":"https:\/\/www.milanfierehotel.com\/de\/wp-json\/wp\/v2\/types\/page"}],"author":[{"embeddable":true,"href":"https:\/\/www.milanfierehotel.com\/de\/wp-json\/wp\/v2\/users\/6"}],"replies":[{"embeddable":true,"href":"https:\/\/www.milanfierehotel.com\/de\/wp-json\/wp\/v2\/comments?post=529"}],"version-history":[{"count":0,"href":"https:\/\/www.milanfierehotel.com\/de\/wp-json\/wp\/v2\/pages\/529\/revisions"}],"up":[{"embeddable":true,"href":"https:\/\/www.milanfierehotel.com\/de\/wp-json\/wp\/v2\/pages\/525"}],"wp:attachment":[{"href":"https:\/\/www.milanfierehotel.com\/de\/wp-json\/wp\/v2\/media?parent=529"}],"curies":[{"name":"wp","href":"https:\/\/api.w.org\/{rel}","templated":true}]}}