{"id":1084,"date":"2023-01-03T12:35:03","date_gmt":"2023-01-03T12:35:03","guid":{"rendered":"https:\/\/www.milanfierehotel.com\/?page_id=1084"},"modified":"2025-11-03T14:49:34","modified_gmt":"2025-11-03T14:49:34","slug":"salons-2025","status":"publish","type":"page","link":"https:\/\/www.milanfierehotel.com\/fr\/activites-et-salons-a-milan\/salons-et-congres\/salons-2025\/","title":{"rendered":"Salons 2025 &#8211; 2026"},"content":{"rendered":"<p>Pour Milan, 2026 sera pleine <strong>d&rsquo;\u00e9v\u00e9nements et de salons<\/strong> qui attireront des visiteurs du monde entier. Sc\u00e8ne convoit\u00e9e pour les entreprises, les marques et les entreprises, Milan accueille historiquement certains <strong>des \u00e9v\u00e9nements les plus anciens et les plus renomm\u00e9s<\/strong> dans divers domaines industriels et de la mode, mais pas seulement.<\/p>\n<p>La <strong>Fiera di Milano<\/strong> et les autres zones de foires commerciales de la ville ont toujours \u00e9t\u00e9 des lieux de <strong>rencontre et de partage<\/strong>, o\u00f9 l&rsquo;exp\u00e9rience et l&rsquo;innovation se confondent pour cr\u00e9er une atmosph\u00e8re de <strong>bouillonnement anim\u00e9<\/strong>. Pour toute entreprise, participer activement \u00e0 ces \u00e9v\u00e9nements n&rsquo;est pas seulement un exploit, mais aussi un point de d\u00e9part pour \u00e9largir son regard vers de nouveaux horizons et, surtout, <strong>vers l&rsquo;avenir<\/strong>.<\/p>\n<p>Vous pr\u00e9voyez de participer \u00e0 ces \u00e9v\u00e9nements ? Choisissez pour votre s\u00e9jour notre \u00e9l\u00e9gant h\u00f4tel <strong>4 \u00e9toiles voco Milan-Fiere<\/strong>, \u00e0 quelques minutes de Fiera Milano, MiCo Convention Center et MIND Milano Innovation District. L&rsquo;h\u00f4tel est id\u00e9alement situ\u00e9 \u00e0 seulement <strong>2 minutes des autoroutes A4 et A8<\/strong> reliant l&rsquo;h\u00f4tel au centre-ville de Milan et aux a\u00e9roports internationaux de la ville, Linate (LIN) et Malpensa (MXP).<\/p>\n<div class=\"\">\n<div class=\"container collapsibleContent_wrap content_wrap\">\n<div class=\"the_content\">\n<p style=\"text-align: center\"><strong><a href=\"https:\/\/www.milanfierehotel.com\/fr\/offres-et-formules\/formule-petit-dejeuner-et-parking\/\">D\u00c9COUVREZ LE FORFAIT PETIT-D\u00c9JEUNER ET PARKING<\/a><\/strong><\/p>\n<\/div>\n<\/div>\n<\/div>\n","protected":false},"excerpt":{"rendered":"<p>Pour Milan, 2026 sera pleine d&rsquo;\u00e9v\u00e9nements et de salons qui attireront des visiteurs du monde entier. Sc\u00e8ne convoit\u00e9e pour les entreprises, les marques et les entreprises, Milan accueille historiquement certains des \u00e9v\u00e9nements les plus anciens et les plus renomm\u00e9s dans divers domaines industriels et de la mode, mais pas seulement. La Fiera di Milano et [&hellip;]<\/p>\n","protected":false},"author":360,"featured_media":1043,"parent":524,"menu_order":0,"comment_status":"closed","ping_status":"closed","template":"template-surroundings.php","meta":{"footnotes":""},"class_list":["post-1084","page","type-page","status-publish","has-post-thumbnail","hentry"],"yoast_head":"<!-- This site is optimized with the Yoast SEO plugin v26.9 - https:\/\/yoast.com\/product\/yoast-seo-wordpress\/ -->\n<title>Salons \u00e0 Milan 2025 | H\u00f4tel 4 \u00e9toiles voco Milan-Fiere<\/title>\n<meta name=\"description\" content=\"Vous pr\u00e9voyez de visiter Milan pour les nombreux salons pr\u00e9vus ? Choisissez l&#039;h\u00f4tel 4 \u00e9toiles voco Milan-Fiere, \u00e0 quelques pas de Fiera Milano, du centre de congr\u00e8s MiCo et du quartier de l&#039;innovation MIND Milano.\" \/>\n<meta name=\"robots\" content=\"index, follow, max-snippet:-1, max-image-preview:large, max-video-preview:-1\" \/>\n<link rel=\"canonical\" href=\"https:\/\/www.milanfierehotel.com\/fr\/activites-et-salons-a-milan\/salons-et-congres\/salons-2025\/\" \/>\n<meta property=\"og:locale\" content=\"fr_FR\" \/>\n<meta property=\"og:type\" content=\"article\" \/>\n<meta property=\"og:title\" content=\"Salons \u00e0 Milan 2025 | H\u00f4tel 4 \u00e9toiles voco Milan-Fiere\" \/>\n<meta property=\"og:description\" content=\"Vous pr\u00e9voyez de visiter Milan pour les nombreux salons pr\u00e9vus ? Choisissez l&#039;h\u00f4tel 4 \u00e9toiles voco Milan-Fiere, \u00e0 quelques pas de Fiera Milano, du centre de congr\u00e8s MiCo et du quartier de l&#039;innovation MIND Milano.\" \/>\n<meta property=\"og:url\" content=\"https:\/\/www.milanfierehotel.com\/fr\/activites-et-salons-a-milan\/salons-et-congres\/salons-2025\/\" \/>\n<meta property=\"og:site_name\" content=\"Voco Milan Fiere\" \/>\n<meta property=\"article:modified_time\" content=\"2025-11-03T14:49:34+00:00\" \/>\n<meta property=\"og:image\" content=\"https:\/\/www.milanfierehotel.com\/wp-content\/uploads\/sites\/402\/2022\/12\/fiere-milano.jpeg\" \/>\n\t<meta property=\"og:image:width\" content=\"1280\" \/>\n\t<meta property=\"og:image:height\" content=\"853\" \/>\n\t<meta property=\"og:image:type\" content=\"image\/jpeg\" \/>\n<meta name=\"twitter:card\" content=\"summary_large_image\" \/>\n<meta name=\"twitter:label1\" content=\"Dur\u00e9e de lecture estim\u00e9e\" \/>\n\t<meta name=\"twitter:data1\" content=\"2 minutes\" \/>\n<script type=\"application\/ld+json\" class=\"yoast-schema-graph\">{\"@context\":\"https:\/\/schema.org\",\"@graph\":[{\"@type\":\"WebPage\",\"@id\":\"https:\/\/www.milanfierehotel.com\/fr\/activites-et-salons-a-milan\/salons-et-congres\/salons-2025\/\",\"url\":\"https:\/\/www.milanfierehotel.com\/fr\/activites-et-salons-a-milan\/salons-et-congres\/salons-2025\/\",\"name\":\"Salons \u00e0 Milan 2025 | H\u00f4tel 4 \u00e9toiles voco Milan-Fiere\",\"isPartOf\":{\"@id\":\"https:\/\/www.milanfierehotel.com\/fr\/#website\"},\"primaryImageOfPage\":{\"@id\":\"https:\/\/www.milanfierehotel.com\/fr\/activites-et-salons-a-milan\/salons-et-congres\/salons-2025\/#primaryimage\"},\"image\":{\"@id\":\"https:\/\/www.milanfierehotel.com\/fr\/activites-et-salons-a-milan\/salons-et-congres\/salons-2025\/#primaryimage\"},\"thumbnailUrl\":\"https:\/\/www.milanfierehotel.com\/wp-content\/uploads\/sites\/402\/2022\/12\/fiere-milano.jpeg\",\"datePublished\":\"2023-01-03T12:35:03+00:00\",\"dateModified\":\"2025-11-03T14:49:34+00:00\",\"description\":\"Vous pr\u00e9voyez de visiter Milan pour les nombreux salons pr\u00e9vus ? Choisissez l'h\u00f4tel 4 \u00e9toiles voco Milan-Fiere, \u00e0 quelques pas de Fiera Milano, du centre de congr\u00e8s MiCo et du quartier de l'innovation MIND Milano.\",\"breadcrumb\":{\"@id\":\"https:\/\/www.milanfierehotel.com\/fr\/activites-et-salons-a-milan\/salons-et-congres\/salons-2025\/#breadcrumb\"},\"inLanguage\":\"fr-FR\",\"potentialAction\":[{\"@type\":\"ReadAction\",\"target\":[\"https:\/\/www.milanfierehotel.com\/fr\/activites-et-salons-a-milan\/salons-et-congres\/salons-2025\/\"]}]},{\"@type\":\"ImageObject\",\"inLanguage\":\"fr-FR\",\"@id\":\"https:\/\/www.milanfierehotel.com\/fr\/activites-et-salons-a-milan\/salons-et-congres\/salons-2025\/#primaryimage\",\"url\":\"https:\/\/www.milanfierehotel.com\/wp-content\/uploads\/sites\/402\/2022\/12\/fiere-milano.jpeg\",\"contentUrl\":\"https:\/\/www.milanfierehotel.com\/wp-content\/uploads\/sites\/402\/2022\/12\/fiere-milano.jpeg\",\"width\":1280,\"height\":853,\"caption\":\"fiere milano 2023\"},{\"@type\":\"BreadcrumbList\",\"@id\":\"https:\/\/www.milanfierehotel.com\/fr\/activites-et-salons-a-milan\/salons-et-congres\/salons-2025\/#breadcrumb\",\"itemListElement\":[{\"@type\":\"ListItem\",\"position\":1,\"name\":\"Home\",\"item\":\"https:\/\/www.milanfierehotel.com\/fr\/\"},{\"@type\":\"ListItem\",\"position\":2,\"name\":\"Activit\u00e9s et Salons \u00e0 Milan\",\"item\":\"https:\/\/www.milanfierehotel.com\/fr\/activites-et-salons-a-milan\/\"},{\"@type\":\"ListItem\",\"position\":3,\"name\":\"Salons et Congr\u00e8s\",\"item\":\"https:\/\/www.milanfierehotel.com\/fr\/activites-et-salons-a-milan\/salons-et-congres\/\"},{\"@type\":\"ListItem\",\"position\":4,\"name\":\"Salons 2025 &#8211; 2026\"}]},{\"@type\":\"WebSite\",\"@id\":\"https:\/\/www.milanfierehotel.com\/fr\/#website\",\"url\":\"https:\/\/www.milanfierehotel.com\/fr\/\",\"name\":\"Voco Milan Fiere\",\"description\":\"Just another ms.decms.eu site\",\"publisher\":{\"@id\":\"https:\/\/www.milanfierehotel.com\/fr\/#organization\"},\"potentialAction\":[{\"@type\":\"SearchAction\",\"target\":{\"@type\":\"EntryPoint\",\"urlTemplate\":\"https:\/\/www.milanfierehotel.com\/fr\/?s={search_term_string}\"},\"query-input\":{\"@type\":\"PropertyValueSpecification\",\"valueRequired\":true,\"valueName\":\"search_term_string\"}}],\"inLanguage\":\"fr-FR\"},{\"@type\":\"Organization\",\"@id\":\"https:\/\/www.milanfierehotel.com\/fr\/#organization\",\"name\":\"Voco Milano Fiere\",\"url\":\"https:\/\/www.milanfierehotel.com\/fr\/\",\"logo\":{\"@type\":\"ImageObject\",\"inLanguage\":\"fr-FR\",\"@id\":\"https:\/\/www.milanfierehotel.com\/fr\/#\/schema\/logo\/image\/\",\"url\":\"https:\/\/www.milanfierehotel.com\/wp-content\/uploads\/sites\/402\/2022\/07\/02-Hotel-Reception-voco-Milan-Fiere.jpg\",\"contentUrl\":\"https:\/\/www.milanfierehotel.com\/wp-content\/uploads\/sites\/402\/2022\/07\/02-Hotel-Reception-voco-Milan-Fiere.jpg\",\"width\":2200,\"height\":1200,\"caption\":\"Voco Milano Fiere\"},\"image\":{\"@id\":\"https:\/\/www.milanfierehotel.com\/fr\/#\/schema\/logo\/image\/\"}}]}<\/script>\n<!-- \/ Yoast SEO plugin. -->","yoast_head_json":{"title":"Salons \u00e0 Milan 2025 | H\u00f4tel 4 \u00e9toiles voco Milan-Fiere","description":"Vous pr\u00e9voyez de visiter Milan pour les nombreux salons pr\u00e9vus ? Choisissez l'h\u00f4tel 4 \u00e9toiles voco Milan-Fiere, \u00e0 quelques pas de Fiera Milano, du centre de congr\u00e8s MiCo et du quartier de l'innovation MIND Milano.","robots":{"index":"index","follow":"follow","max-snippet":"max-snippet:-1","max-image-preview":"max-image-preview:large","max-video-preview":"max-video-preview:-1"},"canonical":"https:\/\/www.milanfierehotel.com\/fr\/activites-et-salons-a-milan\/salons-et-congres\/salons-2025\/","og_locale":"fr_FR","og_type":"article","og_title":"Salons \u00e0 Milan 2025 | H\u00f4tel 4 \u00e9toiles voco Milan-Fiere","og_description":"Vous pr\u00e9voyez de visiter Milan pour les nombreux salons pr\u00e9vus ? Choisissez l'h\u00f4tel 4 \u00e9toiles voco Milan-Fiere, \u00e0 quelques pas de Fiera Milano, du centre de congr\u00e8s MiCo et du quartier de l'innovation MIND Milano.","og_url":"https:\/\/www.milanfierehotel.com\/fr\/activites-et-salons-a-milan\/salons-et-congres\/salons-2025\/","og_site_name":"Voco Milan Fiere","article_modified_time":"2025-11-03T14:49:34+00:00","og_image":[{"width":1280,"height":853,"url":"https:\/\/www.milanfierehotel.com\/wp-content\/uploads\/sites\/402\/2022\/12\/fiere-milano.jpeg","type":"image\/jpeg"}],"twitter_card":"summary_large_image","twitter_misc":{"Dur\u00e9e de lecture estim\u00e9e":"2 minutes"},"schema":{"@context":"https:\/\/schema.org","@graph":[{"@type":"WebPage","@id":"https:\/\/www.milanfierehotel.com\/fr\/activites-et-salons-a-milan\/salons-et-congres\/salons-2025\/","url":"https:\/\/www.milanfierehotel.com\/fr\/activites-et-salons-a-milan\/salons-et-congres\/salons-2025\/","name":"Salons \u00e0 Milan 2025 | H\u00f4tel 4 \u00e9toiles voco Milan-Fiere","isPartOf":{"@id":"https:\/\/www.milanfierehotel.com\/fr\/#website"},"primaryImageOfPage":{"@id":"https:\/\/www.milanfierehotel.com\/fr\/activites-et-salons-a-milan\/salons-et-congres\/salons-2025\/#primaryimage"},"image":{"@id":"https:\/\/www.milanfierehotel.com\/fr\/activites-et-salons-a-milan\/salons-et-congres\/salons-2025\/#primaryimage"},"thumbnailUrl":"https:\/\/www.milanfierehotel.com\/wp-content\/uploads\/sites\/402\/2022\/12\/fiere-milano.jpeg","datePublished":"2023-01-03T12:35:03+00:00","dateModified":"2025-11-03T14:49:34+00:00","description":"Vous pr\u00e9voyez de visiter Milan pour les nombreux salons pr\u00e9vus ? Choisissez l'h\u00f4tel 4 \u00e9toiles voco Milan-Fiere, \u00e0 quelques pas de Fiera Milano, du centre de congr\u00e8s MiCo et du quartier de l'innovation MIND Milano.","breadcrumb":{"@id":"https:\/\/www.milanfierehotel.com\/fr\/activites-et-salons-a-milan\/salons-et-congres\/salons-2025\/#breadcrumb"},"inLanguage":"fr-FR","potentialAction":[{"@type":"ReadAction","target":["https:\/\/www.milanfierehotel.com\/fr\/activites-et-salons-a-milan\/salons-et-congres\/salons-2025\/"]}]},{"@type":"ImageObject","inLanguage":"fr-FR","@id":"https:\/\/www.milanfierehotel.com\/fr\/activites-et-salons-a-milan\/salons-et-congres\/salons-2025\/#primaryimage","url":"https:\/\/www.milanfierehotel.com\/wp-content\/uploads\/sites\/402\/2022\/12\/fiere-milano.jpeg","contentUrl":"https:\/\/www.milanfierehotel.com\/wp-content\/uploads\/sites\/402\/2022\/12\/fiere-milano.jpeg","width":1280,"height":853,"caption":"fiere milano 2023"},{"@type":"BreadcrumbList","@id":"https:\/\/www.milanfierehotel.com\/fr\/activites-et-salons-a-milan\/salons-et-congres\/salons-2025\/#breadcrumb","itemListElement":[{"@type":"ListItem","position":1,"name":"Home","item":"https:\/\/www.milanfierehotel.com\/fr\/"},{"@type":"ListItem","position":2,"name":"Activit\u00e9s et Salons \u00e0 Milan","item":"https:\/\/www.milanfierehotel.com\/fr\/activites-et-salons-a-milan\/"},{"@type":"ListItem","position":3,"name":"Salons et Congr\u00e8s","item":"https:\/\/www.milanfierehotel.com\/fr\/activites-et-salons-a-milan\/salons-et-congres\/"},{"@type":"ListItem","position":4,"name":"Salons 2025 &#8211; 2026"}]},{"@type":"WebSite","@id":"https:\/\/www.milanfierehotel.com\/fr\/#website","url":"https:\/\/www.milanfierehotel.com\/fr\/","name":"Voco Milan Fiere","description":"Just another ms.decms.eu site","publisher":{"@id":"https:\/\/www.milanfierehotel.com\/fr\/#organization"},"potentialAction":[{"@type":"SearchAction","target":{"@type":"EntryPoint","urlTemplate":"https:\/\/www.milanfierehotel.com\/fr\/?s={search_term_string}"},"query-input":{"@type":"PropertyValueSpecification","valueRequired":true,"valueName":"search_term_string"}}],"inLanguage":"fr-FR"},{"@type":"Organization","@id":"https:\/\/www.milanfierehotel.com\/fr\/#organization","name":"Voco Milano Fiere","url":"https:\/\/www.milanfierehotel.com\/fr\/","logo":{"@type":"ImageObject","inLanguage":"fr-FR","@id":"https:\/\/www.milanfierehotel.com\/fr\/#\/schema\/logo\/image\/","url":"https:\/\/www.milanfierehotel.com\/wp-content\/uploads\/sites\/402\/2022\/07\/02-Hotel-Reception-voco-Milan-Fiere.jpg","contentUrl":"https:\/\/www.milanfierehotel.com\/wp-content\/uploads\/sites\/402\/2022\/07\/02-Hotel-Reception-voco-Milan-Fiere.jpg","width":2200,"height":1200,"caption":"Voco Milano Fiere"},"image":{"@id":"https:\/\/www.milanfierehotel.com\/fr\/#\/schema\/logo\/image\/"}}]}},"acf":[],"_links":{"self":[{"href":"https:\/\/www.milanfierehotel.com\/fr\/wp-json\/wp\/v2\/pages\/1084","targetHints":{"allow":["GET"]}}],"collection":[{"href":"https:\/\/www.milanfierehotel.com\/fr\/wp-json\/wp\/v2\/pages"}],"about":[{"href":"https:\/\/www.milanfierehotel.com\/fr\/wp-json\/wp\/v2\/types\/page"}],"author":[{"embeddable":true,"href":"https:\/\/www.milanfierehotel.com\/fr\/wp-json\/wp\/v2\/users\/360"}],"replies":[{"embeddable":true,"href":"https:\/\/www.milanfierehotel.com\/fr\/wp-json\/wp\/v2\/comments?post=1084"}],"version-history":[{"count":0,"href":"https:\/\/www.milanfierehotel.com\/fr\/wp-json\/wp\/v2\/pages\/1084\/revisions"}],"up":[{"embeddable":true,"href":"https:\/\/www.milanfierehotel.com\/fr\/wp-json\/wp\/v2\/pages\/524"}],"wp:featuredmedia":[{"embeddable":true,"href":"https:\/\/www.milanfierehotel.com\/fr\/wp-json\/wp\/v2\/media\/1043"}],"wp:attachment":[{"href":"https:\/\/www.milanfierehotel.com\/fr\/wp-json\/wp\/v2\/media?parent=1084"}],"curies":[{"name":"wp","href":"https:\/\/api.w.org\/{rel}","templated":true}]}}