{"id":490,"date":"2022-06-29T15:25:05","date_gmt":"2022-06-29T15:25:05","guid":{"rendered":"https:\/\/vocomilanfieredefinitive.ms.decms.eu\/meeting-eventi\/spazi-polifunzionali\/"},"modified":"2025-03-26T12:10:37","modified_gmt":"2025-03-26T12:10:37","slug":"espaces-polyvalents","status":"publish","type":"page","link":"https:\/\/www.milanfierehotel.com\/fr\/meeting-et-evenements\/espaces-polyvalents\/","title":{"rendered":"Espaces polyvalents"},"content":{"rendered":"<p><span style=\"font-weight: 400\">Salles de conf\u00e9rence lugubres, espaces exigus et mobilier d\u00e9labr\u00e9 : vous ne trouverez rien de tout cela au voco\u00ae Milan-Fiere ! Fid\u00e8les \u00e0 notre devise \u201c<\/span><b>work hard, have fun<\/b><span style=\"font-weight: 400\">\u201d, nous avons cr\u00e9\u00e9 des espaces <\/span><b>multifonctionnels et modulaires<\/b><span style=\"font-weight: 400\"> pour permettre \u00e0 nos h\u00f4tes de se sentir \u00e0 la fois chez eux et choy\u00e9s !<\/span><span style=\"font-weight: 400\"><br \/>\n<\/span><\/p>\n<p><span style=\"font-weight: 400\">Le voco\u00ae Milan-Fiere offre le lieu id\u00e9al pour organiser de <\/span><b>grands \u00e9v\u00e8nements<\/b><span style=\"font-weight: 400\"> gr\u00e2ce \u00e0 ses espaces g\u00e9n\u00e9reux b\u00e9n\u00e9ficiant d\u2019une <\/span><b>lumi\u00e8re naturelle<\/b><span style=\"font-weight: 400\">, un <\/span><b>design moderne<\/b><span style=\"font-weight: 400\"> aux lignes sinueuses et au choix d&rsquo;une palette chromatique capable de favoriser \u00e0 la fois la d\u00e9tente et l&rsquo;int\u00e9r\u00eat de votre public.<\/span><\/p>\n","protected":false},"excerpt":{"rendered":"<p>Salles de conf\u00e9rence lugubres, espaces exigus et mobilier d\u00e9labr\u00e9 : vous ne trouverez rien de tout cela au voco\u00ae Milan-Fiere ! Fid\u00e8les \u00e0 notre devise \u201cwork hard, have fun\u201d, nous avons cr\u00e9\u00e9 des espaces multifonctionnels et modulaires pour permettre \u00e0 nos h\u00f4tes de se sentir \u00e0 la fois chez eux et choy\u00e9s ! Le voco\u00ae [&hellip;]<\/p>\n","protected":false},"author":6,"featured_media":0,"parent":486,"menu_order":43,"comment_status":"closed","ping_status":"closed","template":"template-default-4.php","meta":{"footnotes":""},"class_list":["post-490","page","type-page","status-publish","hentry"],"yoast_head":"<!-- This site is optimized with the Yoast SEO plugin v26.9 - https:\/\/yoast.com\/product\/yoast-seo-wordpress\/ -->\n<title>Espaces pour \u00e9v\u00e9nements professionnels et priv\u00e9s \u00e0 Milan | voco\u00ae Milan-Fiere<\/title>\n<meta name=\"description\" content=\"\u00c0 votre disposition, de grands espaces parfaitement \u00e9quip\u00e9s pour tous les types d&#039;\u00e9v\u00e9nements d&#039;entreprise et priv\u00e9s. L\u2019id\u00e9al pour r\u00e9unions, expositions et autres activit\u00e9s. Pour en savoir plus sur le voco\u00ae Milan-Fiere.\" \/>\n<meta name=\"robots\" content=\"index, follow, max-snippet:-1, max-image-preview:large, max-video-preview:-1\" \/>\n<link rel=\"canonical\" href=\"https:\/\/www.milanfierehotel.com\/fr\/meeting-et-evenements\/espaces-polyvalents\/\" \/>\n<meta property=\"og:locale\" content=\"fr_FR\" \/>\n<meta property=\"og:type\" content=\"article\" \/>\n<meta property=\"og:title\" content=\"Espaces pour \u00e9v\u00e9nements professionnels et priv\u00e9s \u00e0 Milan | voco\u00ae Milan-Fiere\" \/>\n<meta property=\"og:description\" content=\"\u00c0 votre disposition, de grands espaces parfaitement \u00e9quip\u00e9s pour tous les types d&#039;\u00e9v\u00e9nements d&#039;entreprise et priv\u00e9s. L\u2019id\u00e9al pour r\u00e9unions, expositions et autres activit\u00e9s. Pour en savoir plus sur le voco\u00ae Milan-Fiere.\" \/>\n<meta property=\"og:url\" content=\"https:\/\/www.milanfierehotel.com\/fr\/meeting-et-evenements\/espaces-polyvalents\/\" \/>\n<meta property=\"og:site_name\" content=\"Voco Milan Fiere\" \/>\n<meta property=\"article:modified_time\" content=\"2025-03-26T12:10:37+00:00\" \/>\n<meta name=\"twitter:card\" content=\"summary_large_image\" \/>\n<meta name=\"twitter:label1\" content=\"Dur\u00e9e de lecture estim\u00e9e\" \/>\n\t<meta name=\"twitter:data1\" content=\"1 minute\" \/>\n<script type=\"application\/ld+json\" class=\"yoast-schema-graph\">{\"@context\":\"https:\/\/schema.org\",\"@graph\":[{\"@type\":\"WebPage\",\"@id\":\"https:\/\/www.milanfierehotel.com\/fr\/meeting-et-evenements\/espaces-polyvalents\/\",\"url\":\"https:\/\/www.milanfierehotel.com\/fr\/meeting-et-evenements\/espaces-polyvalents\/\",\"name\":\"Espaces pour \u00e9v\u00e9nements professionnels et priv\u00e9s \u00e0 Milan | voco\u00ae Milan-Fiere\",\"isPartOf\":{\"@id\":\"https:\/\/www.milanfierehotel.com\/fr\/#website\"},\"datePublished\":\"2022-06-29T15:25:05+00:00\",\"dateModified\":\"2025-03-26T12:10:37+00:00\",\"description\":\"\u00c0 votre disposition, de grands espaces parfaitement \u00e9quip\u00e9s pour tous les types d'\u00e9v\u00e9nements d'entreprise et priv\u00e9s. L\u2019id\u00e9al pour r\u00e9unions, expositions et autres activit\u00e9s. Pour en savoir plus sur le voco\u00ae Milan-Fiere.\",\"breadcrumb\":{\"@id\":\"https:\/\/www.milanfierehotel.com\/fr\/meeting-et-evenements\/espaces-polyvalents\/#breadcrumb\"},\"inLanguage\":\"fr-FR\",\"potentialAction\":[{\"@type\":\"ReadAction\",\"target\":[\"https:\/\/www.milanfierehotel.com\/fr\/meeting-et-evenements\/espaces-polyvalents\/\"]}]},{\"@type\":\"BreadcrumbList\",\"@id\":\"https:\/\/www.milanfierehotel.com\/fr\/meeting-et-evenements\/espaces-polyvalents\/#breadcrumb\",\"itemListElement\":[{\"@type\":\"ListItem\",\"position\":1,\"name\":\"Home\",\"item\":\"https:\/\/www.milanfierehotel.com\/fr\/\"},{\"@type\":\"ListItem\",\"position\":2,\"name\":\"Meeting &amp; \u00c9v\u00e8nements\",\"item\":\"https:\/\/www.milanfierehotel.com\/fr\/meeting-et-evenements\/\"},{\"@type\":\"ListItem\",\"position\":3,\"name\":\"Espaces polyvalents\"}]},{\"@type\":\"WebSite\",\"@id\":\"https:\/\/www.milanfierehotel.com\/fr\/#website\",\"url\":\"https:\/\/www.milanfierehotel.com\/fr\/\",\"name\":\"Voco Milan Fiere\",\"description\":\"Just another ms.decms.eu site\",\"publisher\":{\"@id\":\"https:\/\/www.milanfierehotel.com\/fr\/#organization\"},\"potentialAction\":[{\"@type\":\"SearchAction\",\"target\":{\"@type\":\"EntryPoint\",\"urlTemplate\":\"https:\/\/www.milanfierehotel.com\/fr\/?s={search_term_string}\"},\"query-input\":{\"@type\":\"PropertyValueSpecification\",\"valueRequired\":true,\"valueName\":\"search_term_string\"}}],\"inLanguage\":\"fr-FR\"},{\"@type\":\"Organization\",\"@id\":\"https:\/\/www.milanfierehotel.com\/fr\/#organization\",\"name\":\"Voco Milano Fiere\",\"url\":\"https:\/\/www.milanfierehotel.com\/fr\/\",\"logo\":{\"@type\":\"ImageObject\",\"inLanguage\":\"fr-FR\",\"@id\":\"https:\/\/www.milanfierehotel.com\/fr\/#\/schema\/logo\/image\/\",\"url\":\"https:\/\/www.milanfierehotel.com\/wp-content\/uploads\/sites\/402\/2022\/07\/02-Hotel-Reception-voco-Milan-Fiere.jpg\",\"contentUrl\":\"https:\/\/www.milanfierehotel.com\/wp-content\/uploads\/sites\/402\/2022\/07\/02-Hotel-Reception-voco-Milan-Fiere.jpg\",\"width\":2200,\"height\":1200,\"caption\":\"Voco Milano Fiere\"},\"image\":{\"@id\":\"https:\/\/www.milanfierehotel.com\/fr\/#\/schema\/logo\/image\/\"}}]}<\/script>\n<!-- \/ Yoast SEO plugin. -->","yoast_head_json":{"title":"Espaces pour \u00e9v\u00e9nements professionnels et priv\u00e9s \u00e0 Milan | voco\u00ae Milan-Fiere","description":"\u00c0 votre disposition, de grands espaces parfaitement \u00e9quip\u00e9s pour tous les types d'\u00e9v\u00e9nements d'entreprise et priv\u00e9s. L\u2019id\u00e9al pour r\u00e9unions, expositions et autres activit\u00e9s. Pour en savoir plus sur le voco\u00ae Milan-Fiere.","robots":{"index":"index","follow":"follow","max-snippet":"max-snippet:-1","max-image-preview":"max-image-preview:large","max-video-preview":"max-video-preview:-1"},"canonical":"https:\/\/www.milanfierehotel.com\/fr\/meeting-et-evenements\/espaces-polyvalents\/","og_locale":"fr_FR","og_type":"article","og_title":"Espaces pour \u00e9v\u00e9nements professionnels et priv\u00e9s \u00e0 Milan | voco\u00ae Milan-Fiere","og_description":"\u00c0 votre disposition, de grands espaces parfaitement \u00e9quip\u00e9s pour tous les types d'\u00e9v\u00e9nements d'entreprise et priv\u00e9s. L\u2019id\u00e9al pour r\u00e9unions, expositions et autres activit\u00e9s. Pour en savoir plus sur le voco\u00ae Milan-Fiere.","og_url":"https:\/\/www.milanfierehotel.com\/fr\/meeting-et-evenements\/espaces-polyvalents\/","og_site_name":"Voco Milan Fiere","article_modified_time":"2025-03-26T12:10:37+00:00","twitter_card":"summary_large_image","twitter_misc":{"Dur\u00e9e de lecture estim\u00e9e":"1 minute"},"schema":{"@context":"https:\/\/schema.org","@graph":[{"@type":"WebPage","@id":"https:\/\/www.milanfierehotel.com\/fr\/meeting-et-evenements\/espaces-polyvalents\/","url":"https:\/\/www.milanfierehotel.com\/fr\/meeting-et-evenements\/espaces-polyvalents\/","name":"Espaces pour \u00e9v\u00e9nements professionnels et priv\u00e9s \u00e0 Milan | voco\u00ae Milan-Fiere","isPartOf":{"@id":"https:\/\/www.milanfierehotel.com\/fr\/#website"},"datePublished":"2022-06-29T15:25:05+00:00","dateModified":"2025-03-26T12:10:37+00:00","description":"\u00c0 votre disposition, de grands espaces parfaitement \u00e9quip\u00e9s pour tous les types d'\u00e9v\u00e9nements d'entreprise et priv\u00e9s. L\u2019id\u00e9al pour r\u00e9unions, expositions et autres activit\u00e9s. Pour en savoir plus sur le voco\u00ae Milan-Fiere.","breadcrumb":{"@id":"https:\/\/www.milanfierehotel.com\/fr\/meeting-et-evenements\/espaces-polyvalents\/#breadcrumb"},"inLanguage":"fr-FR","potentialAction":[{"@type":"ReadAction","target":["https:\/\/www.milanfierehotel.com\/fr\/meeting-et-evenements\/espaces-polyvalents\/"]}]},{"@type":"BreadcrumbList","@id":"https:\/\/www.milanfierehotel.com\/fr\/meeting-et-evenements\/espaces-polyvalents\/#breadcrumb","itemListElement":[{"@type":"ListItem","position":1,"name":"Home","item":"https:\/\/www.milanfierehotel.com\/fr\/"},{"@type":"ListItem","position":2,"name":"Meeting &amp; \u00c9v\u00e8nements","item":"https:\/\/www.milanfierehotel.com\/fr\/meeting-et-evenements\/"},{"@type":"ListItem","position":3,"name":"Espaces polyvalents"}]},{"@type":"WebSite","@id":"https:\/\/www.milanfierehotel.com\/fr\/#website","url":"https:\/\/www.milanfierehotel.com\/fr\/","name":"Voco Milan Fiere","description":"Just another ms.decms.eu site","publisher":{"@id":"https:\/\/www.milanfierehotel.com\/fr\/#organization"},"potentialAction":[{"@type":"SearchAction","target":{"@type":"EntryPoint","urlTemplate":"https:\/\/www.milanfierehotel.com\/fr\/?s={search_term_string}"},"query-input":{"@type":"PropertyValueSpecification","valueRequired":true,"valueName":"search_term_string"}}],"inLanguage":"fr-FR"},{"@type":"Organization","@id":"https:\/\/www.milanfierehotel.com\/fr\/#organization","name":"Voco Milano Fiere","url":"https:\/\/www.milanfierehotel.com\/fr\/","logo":{"@type":"ImageObject","inLanguage":"fr-FR","@id":"https:\/\/www.milanfierehotel.com\/fr\/#\/schema\/logo\/image\/","url":"https:\/\/www.milanfierehotel.com\/wp-content\/uploads\/sites\/402\/2022\/07\/02-Hotel-Reception-voco-Milan-Fiere.jpg","contentUrl":"https:\/\/www.milanfierehotel.com\/wp-content\/uploads\/sites\/402\/2022\/07\/02-Hotel-Reception-voco-Milan-Fiere.jpg","width":2200,"height":1200,"caption":"Voco Milano Fiere"},"image":{"@id":"https:\/\/www.milanfierehotel.com\/fr\/#\/schema\/logo\/image\/"}}]}},"acf":[],"_links":{"self":[{"href":"https:\/\/www.milanfierehotel.com\/fr\/wp-json\/wp\/v2\/pages\/490","targetHints":{"allow":["GET"]}}],"collection":[{"href":"https:\/\/www.milanfierehotel.com\/fr\/wp-json\/wp\/v2\/pages"}],"about":[{"href":"https:\/\/www.milanfierehotel.com\/fr\/wp-json\/wp\/v2\/types\/page"}],"author":[{"embeddable":true,"href":"https:\/\/www.milanfierehotel.com\/fr\/wp-json\/wp\/v2\/users\/6"}],"replies":[{"embeddable":true,"href":"https:\/\/www.milanfierehotel.com\/fr\/wp-json\/wp\/v2\/comments?post=490"}],"version-history":[{"count":0,"href":"https:\/\/www.milanfierehotel.com\/fr\/wp-json\/wp\/v2\/pages\/490\/revisions"}],"up":[{"embeddable":true,"href":"https:\/\/www.milanfierehotel.com\/fr\/wp-json\/wp\/v2\/pages\/486"}],"wp:attachment":[{"href":"https:\/\/www.milanfierehotel.com\/fr\/wp-json\/wp\/v2\/media?parent=490"}],"curies":[{"name":"wp","href":"https:\/\/api.w.org\/{rel}","templated":true}]}}